{"id":43,"date":"2017-12-17T10:06:43","date_gmt":"2017-12-17T10:06:43","guid":{"rendered":"https:\/\/petite-cave.ch\/about\/"},"modified":"2024-05-22T15:16:03","modified_gmt":"2024-05-22T15:16:03","slug":"notre-histoire","status":"publish","type":"page","link":"https:\/\/petite-cave.ch\/de\/notre-histoire\/","title":{"rendered":"\u00dcber uns"},"content":{"rendered":"<div data-elementor-type=\"wp-post\" data-elementor-id=\"43\" class=\"elementor elementor-43\">\n\t\t\t\t<div class=\"elementor-element elementor-element-79b68a0 e-flex e-con-boxed e-con e-parent\" data-id=\"79b68a0\" data-element_type=\"container\" data-e-type=\"container\" data-settings=\"{&quot;background_background&quot;:&quot;classic&quot;}\">\n\t\t\t\t\t<div class=\"e-con-inner\">\n\t\t<div class=\"elementor-element elementor-element-991f51b e-con-full e-flex e-con e-child\" data-id=\"991f51b\" data-element_type=\"container\" data-e-type=\"container\">\n\t\t\t\t<div class=\"elementor-element elementor-element-61a32d0 elementor-widget elementor-widget-heading\" data-id=\"61a32d0\" data-element_type=\"widget\" data-e-type=\"widget\" data-widget_type=\"heading.default\">\n\t\t\t\t<div class=\"elementor-widget-container\">\n\t\t\t\t\t<h1 class=\"elementor-heading-title elementor-size-default\">La Petite Cave<\/h1>\t\t\t\t<\/div>\n\t\t\t\t<\/div>\n\t\t\t\t<\/div>\n\t\t\t\t\t<\/div>\n\t\t\t\t<\/div>\n\t\t<div class=\"elementor-element elementor-element-d6f8f8d e-con-full e-flex e-con e-parent\" data-id=\"d6f8f8d\" data-element_type=\"container\" data-e-type=\"container\" data-settings=\"{&quot;background_background&quot;:&quot;classic&quot;}\">\n\t\t<div class=\"elementor-element elementor-element-af42f05 e-con-full e-flex e-con e-child\" data-id=\"af42f05\" data-element_type=\"container\" data-e-type=\"container\">\n\t\t<div class=\"elementor-element elementor-element-2a11bca e-con-full e-flex e-con e-child\" data-id=\"2a11bca\" data-element_type=\"container\" data-e-type=\"container\">\n\t\t<div class=\"elementor-element elementor-element-b4b1dc6 e-con-full e-flex e-con e-child\" data-id=\"b4b1dc6\" data-element_type=\"container\" data-e-type=\"container\" data-settings=\"{&quot;background_background&quot;:&quot;classic&quot;}\">\n\t\t\t\t<div class=\"elementor-element elementor-element-c16320b elementor-widget-divider--view-line elementor-widget elementor-widget-divider\" data-id=\"c16320b\" data-element_type=\"widget\" data-e-type=\"widget\" data-widget_type=\"divider.default\">\n\t\t\t\t<div class=\"elementor-widget-container\">\n\t\t\t\t\t\t\t<div class=\"elementor-divider\">\n\t\t\t<span class=\"elementor-divider-separator\">\n\t\t\t\t\t\t<\/span>\n\t\t<\/div>\n\t\t\t\t\t\t<\/div>\n\t\t\t\t<\/div>\n\t\t\t\t<div class=\"elementor-element elementor-element-4ecfbe7 elementor-widget elementor-widget-image-box\" data-id=\"4ecfbe7\" data-element_type=\"widget\" data-e-type=\"widget\" data-widget_type=\"image-box.default\">\n\t\t\t\t<div class=\"elementor-widget-container\">\n\t\t\t\t\t<div class=\"elementor-image-box-wrapper\"><div class=\"elementor-image-box-content\"><p class=\"elementor-image-box-description\">In der Mitte des 20. Jahrhunderts ver\u00e4nderte sich die Walliser Landwirtschaft. Die Weidefl\u00e4chen mit den hochst\u00e4mmigen B\u00e4umen und der Gem\u00fcseanbau verschwanden, der Weinbau begann sich zu etablieren. Die Eltern von Jean, Simon und Claude Carrupt, entschieden sich ebenfalls f\u00fcr diesen Weg. Sie gaben die Viehzucht auf und anstelle der Wiesen pflanzten sie Rebst\u00f6cke an. Neben dem Weinbau kultivierten sie weiterhin Gem\u00fcse und Obst (\u00c4pfel und Birnen), um Abwechslung in ihren Alltag zu bringen sowie eine Besch\u00e4ftigung in der Zeit ohne Weinbau zu haben.<br><br>1990 beschloss ihr Sohn Jean, das Familienunternehmen zu \u00fcbernehmen. Ihn erwarteten verschiedene Herausforderungen: Die Mechanisierung des Weinbaus schritt immer weiter voran und neue Rebsorten hielten Einzug in der Schweiz. Ab dem Jahr 1992 verkaufte das Unternehmen einen Teil der Weine direkt vor Ort. Die Arbeit in der Kellerei nahm immer mehr Zeit in Anspruch, sodass die Familie den Obstbau aufgab. Vier Jahre sp\u00e4ter gr\u00fcndete Jean die Kellerei La Petite Cave, welche sich bis heute weiterentwickelt.<\/p><\/div><\/div>\t\t\t\t<\/div>\n\t\t\t\t<\/div>\n\t\t\t\t<\/div>\n\t\t<div class=\"elementor-element elementor-element-d8389aa e-con-full elementor-hidden-tablet elementor-hidden-mobile e-flex e-con e-child\" data-id=\"d8389aa\" data-element_type=\"container\" data-e-type=\"container\" data-settings=\"{&quot;background_background&quot;:&quot;classic&quot;}\">\n\t\t\t\t<div class=\"elementor-element elementor-element-542f027 elementor-widget elementor-widget-heading\" data-id=\"542f027\" data-element_type=\"widget\" data-e-type=\"widget\" data-widget_type=\"heading.default\">\n\t\t\t\t<div class=\"elementor-widget-container\">\n\t\t\t\t\t<h2 class=\"elementor-heading-title elementor-size-default\">EIN PAAR IM WEINBERG!<\/h2>\t\t\t\t<\/div>\n\t\t\t\t<\/div>\n\t\t\t\t<\/div>\n\t\t\t\t<\/div>\n\t\t\t\t<\/div>\n\t\t\t\t<\/div>\n\t\t<div class=\"elementor-element elementor-element-c365e1e e-flex e-con-boxed e-con e-parent\" data-id=\"c365e1e\" data-element_type=\"container\" data-e-type=\"container\">\n\t\t\t\t\t<div class=\"e-con-inner\">\n\t\t<div class=\"elementor-element elementor-element-62bee32 e-con-full e-flex e-con e-child\" data-id=\"62bee32\" data-element_type=\"container\" data-e-type=\"container\" data-settings=\"{&quot;background_background&quot;:&quot;classic&quot;}\">\n\t\t\t\t<\/div>\n\t\t<div class=\"elementor-element elementor-element-58b4e3e e-con-full e-flex e-con e-child\" data-id=\"58b4e3e\" data-element_type=\"container\" data-e-type=\"container\" data-settings=\"{&quot;background_background&quot;:&quot;classic&quot;}\">\n\t\t\t\t<div class=\"elementor-element elementor-element-ca6d82d elementor-widget-divider--view-line elementor-widget elementor-widget-divider\" data-id=\"ca6d82d\" data-element_type=\"widget\" data-e-type=\"widget\" data-widget_type=\"divider.default\">\n\t\t\t\t<div class=\"elementor-widget-container\">\n\t\t\t\t\t\t\t<div class=\"elementor-divider\">\n\t\t\t<span class=\"elementor-divider-separator\">\n\t\t\t\t\t\t<\/span>\n\t\t<\/div>\n\t\t\t\t\t\t<\/div>\n\t\t\t\t<\/div>\n\t\t\t\t<div class=\"elementor-element elementor-element-7f21e37 elementor-hidden-desktop elementor-hidden-tablet elementor-widget elementor-widget-image\" data-id=\"7f21e37\" data-element_type=\"widget\" data-e-type=\"widget\" data-widget_type=\"image.default\">\n\t\t\t\t<div class=\"elementor-widget-container\">\n\t\t\t\t\t\t\t\t\t\t\t\t\t\t\t<img fetchpriority=\"high\" decoding=\"async\" width=\"800\" height=\"521\" src=\"https:\/\/petite-cave.ch\/wp-content\/uploads\/2024\/04\/sd.jpg\" class=\"attachment-large size-large wp-image-4830\" alt=\"\" srcset=\"https:\/\/petite-cave.ch\/wp-content\/uploads\/2024\/04\/sd.jpg 800w, https:\/\/petite-cave.ch\/wp-content\/uploads\/2024\/04\/sd-300x195.jpg 300w, https:\/\/petite-cave.ch\/wp-content\/uploads\/2024\/04\/sd-768x500.jpg 768w, https:\/\/petite-cave.ch\/wp-content\/uploads\/2024\/04\/sd-18x12.jpg 18w, https:\/\/petite-cave.ch\/wp-content\/uploads\/2024\/04\/sd-600x391.jpg 600w\" sizes=\"(max-width: 800px) 100vw, 800px\" \/>\t\t\t\t\t\t\t\t\t\t\t\t\t\t\t<\/div>\n\t\t\t\t<\/div>\n\t\t\t\t<div class=\"elementor-element elementor-element-54e96c8 elementor-widget elementor-widget-image-box\" data-id=\"54e96c8\" data-element_type=\"widget\" data-e-type=\"widget\" data-widget_type=\"image-box.default\">\n\t\t\t\t<div class=\"elementor-widget-container\">\n\t\t\t\t\t<div class=\"elementor-image-box-wrapper\"><div class=\"elementor-image-box-content\"><p class=\"elementor-image-box-description\"> Von der Arbeit im Weinberg \u00fcber die Herstellung der Weine bis hin zum Verkauf: Alles wird von Jean und Florence Carrupt selbst erledigt. Auf den 4.5 Hektaren, verteilt in den Unterwalliser Weingemeinden Chamoson, Leytron und Saillon, kultiviert die Familie Carrupt 17 Rebsorten. Der Geschmack des Weines ist stark durch die verschiedenen Anbaufl\u00e4chen gepr\u00e4gt. Das Familienunternehmen produziert pro Jahrgang 12\u2018000 Weinflaschen, welche regelm\u00e4ssig an nationalen und internationalen Wettbewerben ausgezeichnet werden.<\/p><\/div><\/div>\t\t\t\t<\/div>\n\t\t\t\t<\/div>\n\t\t\t\t<\/div>\n\t\t\t\t\t<\/div>\n\t\t\t\t<\/div>\n\t\t\t\t<\/div>","protected":false},"excerpt":{"rendered":"<p>NOTRE HISTOIRE Au milieu du 20\u00e8me si\u00e8cle, l\u2019agriculture valaisanne change doucement de visage. Les p\u00e2turages, agr\u00e9ment\u00e9s de vieux arbres \u00e0 hautes tiges, et les cultures mara\u00eech\u00e8res laissent place \u00e0 toujours plus de vignes. Les parents, Simon et Claude Carrupt, ont rapidement choisi ce chemin. Ils d\u00e9laissent d\u2019abord l\u2019\u00e9levage des vaches et transforment leurs pr\u00e9s en [&hellip;]<\/p>\n","protected":false},"author":2,"featured_media":0,"parent":0,"menu_order":0,"comment_status":"closed","ping_status":"closed","template":"","meta":{"site-sidebar-layout":"no-sidebar","site-content-layout":"page-builder","ast-site-content-layout":"full-width-container","site-content-style":"unboxed","site-sidebar-style":"unboxed","ast-global-header-display":"","ast-banner-title-visibility":"","ast-main-header-display":"","ast-hfb-above-header-display":"","ast-hfb-below-header-display":"","ast-hfb-mobile-header-display":"","site-post-title":"disabled","ast-breadcrumbs-content":"","ast-featured-img":"disabled","footer-sml-layout":"","ast-disable-related-posts":"","theme-transparent-header-meta":"enabled","adv-header-id-meta":"","stick-header-meta":"","header-above-stick-meta":"","header-main-stick-meta":"","header-below-stick-meta":"","astra-migrate-meta-layouts":"set","ast-page-background-enabled":"default","ast-page-background-meta":{"desktop":{"background-color":"","background-image":"","background-repeat":"repeat","background-position":"center center","background-size":"auto","background-attachment":"scroll","background-type":"","background-media":"","overlay-type":"","overlay-color":"","overlay-opacity":"","overlay-gradient":""},"tablet":{"background-color":"","background-image":"","background-repeat":"repeat","background-position":"center center","background-size":"auto","background-attachment":"scroll","background-type":"","background-media":"","overlay-type":"","overlay-color":"","overlay-opacity":"","overlay-gradient":""},"mobile":{"background-color":"","background-image":"","background-repeat":"repeat","background-position":"center center","background-size":"auto","background-attachment":"scroll","background-type":"","background-media":"","overlay-type":"","overlay-color":"","overlay-opacity":"","overlay-gradient":""}},"ast-content-background-meta":{"desktop":{"background-color":"var(--ast-global-color-4)","background-image":"","background-repeat":"repeat","background-position":"center center","background-size":"auto","background-attachment":"scroll","background-type":"","background-media":"","overlay-type":"","overlay-color":"","overlay-opacity":"","overlay-gradient":""},"tablet":{"background-color":"var(--ast-global-color-4)","background-image":"","background-repeat":"repeat","background-position":"center center","background-size":"auto","background-attachment":"scroll","background-type":"","background-media":"","overlay-type":"","overlay-color":"","overlay-opacity":"","overlay-gradient":""},"mobile":{"background-color":"var(--ast-global-color-4)","background-image":"","background-repeat":"repeat","background-position":"center center","background-size":"auto","background-attachment":"scroll","background-type":"","background-media":"","overlay-type":"","overlay-color":"","overlay-opacity":"","overlay-gradient":""}},"footnotes":""},"class_list":["post-43","page","type-page","status-publish","hentry"],"yoast_head":"<!-- This site is optimized with the Yoast SEO plugin v27.6 - https:\/\/yoast.com\/product\/yoast-seo-wordpress\/ -->\n<title>Notre Histoire - La Petite Cave Chamoson<\/title>\n<meta name=\"description\" content=\"Des travaux de vigne \u00e0 l&#039;\u00e9levage des vins, en passant par la vente : tout est assur\u00e9 par Jean et Florence Carrupt. 17 c\u00e9pages sont cultiv\u00e9s sur 4.5 hectares, r\u00e9partis sur les communes viticoles de Chamoson, Leytron et Saillon. L\u2019identit\u00e9 des vins est fortement marqu\u00e9e par ces diff\u00e9rents terroirs. Les 15&#039;000 bouteilles produites par mill\u00e9sime sont r\u00e9guli\u00e8rement prim\u00e9es dans divers concours nationaux et internationaux.\" \/>\n<meta name=\"robots\" content=\"index, follow, max-snippet:-1, max-image-preview:large, max-video-preview:-1\" \/>\n<link rel=\"canonical\" href=\"https:\/\/petite-cave.ch\/de\/notre-histoire\/\" \/>\n<meta property=\"og:locale\" content=\"de_DE\" \/>\n<meta property=\"og:type\" content=\"article\" \/>\n<meta property=\"og:title\" content=\"Notre Histoire - La Petite Cave Chamoson\" \/>\n<meta property=\"og:description\" content=\"Des travaux de vigne \u00e0 l&#039;\u00e9levage des vins, en passant par la vente : tout est assur\u00e9 par Jean et Florence Carrupt. 17 c\u00e9pages sont cultiv\u00e9s sur 4.5 hectares, r\u00e9partis sur les communes viticoles de Chamoson, Leytron et Saillon. L\u2019identit\u00e9 des vins est fortement marqu\u00e9e par ces diff\u00e9rents terroirs. Les 15&#039;000 bouteilles produites par mill\u00e9sime sont r\u00e9guli\u00e8rement prim\u00e9es dans divers concours nationaux et internationaux.\" \/>\n<meta property=\"og:url\" content=\"https:\/\/petite-cave.ch\/de\/notre-histoire\/\" \/>\n<meta property=\"og:site_name\" content=\"La Petite Cave Chamoson\" \/>\n<meta property=\"article:modified_time\" content=\"2024-05-22T15:16:03+00:00\" \/>\n<meta property=\"og:image\" content=\"https:\/\/petite-cave.ch\/wp-content\/uploads\/2024\/04\/sd.jpg\" \/>\n<meta name=\"twitter:card\" content=\"summary_large_image\" \/>\n<meta name=\"twitter:label1\" content=\"Gesch\u00e4tzte Lesezeit\" \/>\n\t<meta name=\"twitter:data1\" content=\"2\u00a0Minuten\" \/>\n<script type=\"application\/ld+json\" class=\"yoast-schema-graph\">{\"@context\":\"https:\\\/\\\/schema.org\",\"@graph\":[{\"@type\":\"WebPage\",\"@id\":\"https:\\\/\\\/petite-cave.ch\\\/notre-histoire\\\/\",\"url\":\"https:\\\/\\\/petite-cave.ch\\\/notre-histoire\\\/\",\"name\":\"Notre Histoire - La Petite Cave Chamoson\",\"isPartOf\":{\"@id\":\"https:\\\/\\\/petite-cave.ch\\\/#website\"},\"primaryImageOfPage\":{\"@id\":\"https:\\\/\\\/petite-cave.ch\\\/notre-histoire\\\/#primaryimage\"},\"image\":{\"@id\":\"https:\\\/\\\/petite-cave.ch\\\/notre-histoire\\\/#primaryimage\"},\"thumbnailUrl\":\"https:\\\/\\\/petite-cave.ch\\\/wp-content\\\/uploads\\\/2024\\\/04\\\/sd.jpg\",\"datePublished\":\"2017-12-17T10:06:43+00:00\",\"dateModified\":\"2024-05-22T15:16:03+00:00\",\"description\":\"Des travaux de vigne \u00e0 l'\u00e9levage des vins, en passant par la vente : tout est assur\u00e9 par Jean et Florence Carrupt. 17 c\u00e9pages sont cultiv\u00e9s sur 4.5 hectares, r\u00e9partis sur les communes viticoles de Chamoson, Leytron et Saillon. L\u2019identit\u00e9 des vins est fortement marqu\u00e9e par ces diff\u00e9rents terroirs. Les 15'000 bouteilles produites par mill\u00e9sime sont r\u00e9guli\u00e8rement prim\u00e9es dans divers concours nationaux et internationaux.\",\"breadcrumb\":{\"@id\":\"https:\\\/\\\/petite-cave.ch\\\/notre-histoire\\\/#breadcrumb\"},\"inLanguage\":\"de-CH\",\"potentialAction\":[{\"@type\":\"ReadAction\",\"target\":[\"https:\\\/\\\/petite-cave.ch\\\/notre-histoire\\\/\"]}]},{\"@type\":\"ImageObject\",\"inLanguage\":\"de-CH\",\"@id\":\"https:\\\/\\\/petite-cave.ch\\\/notre-histoire\\\/#primaryimage\",\"url\":\"https:\\\/\\\/petite-cave.ch\\\/wp-content\\\/uploads\\\/2024\\\/04\\\/sd.jpg\",\"contentUrl\":\"https:\\\/\\\/petite-cave.ch\\\/wp-content\\\/uploads\\\/2024\\\/04\\\/sd.jpg\"},{\"@type\":\"BreadcrumbList\",\"@id\":\"https:\\\/\\\/petite-cave.ch\\\/notre-histoire\\\/#breadcrumb\",\"itemListElement\":[{\"@type\":\"ListItem\",\"position\":1,\"name\":\"Accueil\",\"item\":\"https:\\\/\\\/petite-cave.ch\\\/\"},{\"@type\":\"ListItem\",\"position\":2,\"name\":\"Notre Histoire\"}]},{\"@type\":\"WebSite\",\"@id\":\"https:\\\/\\\/petite-cave.ch\\\/#website\",\"url\":\"https:\\\/\\\/petite-cave.ch\\\/\",\"name\":\"La Petite Cave Chamoson\",\"description\":\"\",\"publisher\":{\"@id\":\"https:\\\/\\\/petite-cave.ch\\\/#organization\"},\"potentialAction\":[{\"@type\":\"SearchAction\",\"target\":{\"@type\":\"EntryPoint\",\"urlTemplate\":\"https:\\\/\\\/petite-cave.ch\\\/?s={search_term_string}\"},\"query-input\":{\"@type\":\"PropertyValueSpecification\",\"valueRequired\":true,\"valueName\":\"search_term_string\"}}],\"inLanguage\":\"de-CH\"},{\"@type\":\"Organization\",\"@id\":\"https:\\\/\\\/petite-cave.ch\\\/#organization\",\"name\":\"La Petite Cave Chamoson\",\"url\":\"https:\\\/\\\/petite-cave.ch\\\/\",\"logo\":{\"@type\":\"ImageObject\",\"inLanguage\":\"de-CH\",\"@id\":\"https:\\\/\\\/petite-cave.ch\\\/#\\\/schema\\\/logo\\\/image\\\/\",\"url\":\"https:\\\/\\\/petite-cave.ch\\\/wp-content\\\/uploads\\\/2024\\\/04\\\/cropped-favicon-ce37ac74-2.png\",\"contentUrl\":\"https:\\\/\\\/petite-cave.ch\\\/wp-content\\\/uploads\\\/2024\\\/04\\\/cropped-favicon-ce37ac74-2.png\",\"width\":64,\"height\":64,\"caption\":\"La Petite Cave Chamoson\"},\"image\":{\"@id\":\"https:\\\/\\\/petite-cave.ch\\\/#\\\/schema\\\/logo\\\/image\\\/\"}}]}<\/script>\n<!-- \/ Yoast SEO plugin. -->","yoast_head_json":{"title":"Notre Histoire - La Petite Cave Chamoson","description":"Des travaux de vigne \u00e0 l'\u00e9levage des vins, en passant par la vente : tout est assur\u00e9 par Jean et Florence Carrupt. 17 c\u00e9pages sont cultiv\u00e9s sur 4.5 hectares, r\u00e9partis sur les communes viticoles de Chamoson, Leytron et Saillon. L\u2019identit\u00e9 des vins est fortement marqu\u00e9e par ces diff\u00e9rents terroirs. Les 15'000 bouteilles produites par mill\u00e9sime sont r\u00e9guli\u00e8rement prim\u00e9es dans divers concours nationaux et internationaux.","robots":{"index":"index","follow":"follow","max-snippet":"max-snippet:-1","max-image-preview":"max-image-preview:large","max-video-preview":"max-video-preview:-1"},"canonical":"https:\/\/petite-cave.ch\/de\/notre-histoire\/","og_locale":"de_DE","og_type":"article","og_title":"Notre Histoire - La Petite Cave Chamoson","og_description":"Des travaux de vigne \u00e0 l'\u00e9levage des vins, en passant par la vente : tout est assur\u00e9 par Jean et Florence Carrupt. 17 c\u00e9pages sont cultiv\u00e9s sur 4.5 hectares, r\u00e9partis sur les communes viticoles de Chamoson, Leytron et Saillon. L\u2019identit\u00e9 des vins est fortement marqu\u00e9e par ces diff\u00e9rents terroirs. Les 15'000 bouteilles produites par mill\u00e9sime sont r\u00e9guli\u00e8rement prim\u00e9es dans divers concours nationaux et internationaux.","og_url":"https:\/\/petite-cave.ch\/de\/notre-histoire\/","og_site_name":"La Petite Cave Chamoson","article_modified_time":"2024-05-22T15:16:03+00:00","og_image":[{"url":"https:\/\/petite-cave.ch\/wp-content\/uploads\/2024\/04\/sd.jpg","type":"","width":"","height":""}],"twitter_card":"summary_large_image","twitter_misc":{"Gesch\u00e4tzte Lesezeit":"2\u00a0Minuten"},"schema":{"@context":"https:\/\/schema.org","@graph":[{"@type":"WebPage","@id":"https:\/\/petite-cave.ch\/notre-histoire\/","url":"https:\/\/petite-cave.ch\/notre-histoire\/","name":"Notre Histoire - La Petite Cave Chamoson","isPartOf":{"@id":"https:\/\/petite-cave.ch\/#website"},"primaryImageOfPage":{"@id":"https:\/\/petite-cave.ch\/notre-histoire\/#primaryimage"},"image":{"@id":"https:\/\/petite-cave.ch\/notre-histoire\/#primaryimage"},"thumbnailUrl":"https:\/\/petite-cave.ch\/wp-content\/uploads\/2024\/04\/sd.jpg","datePublished":"2017-12-17T10:06:43+00:00","dateModified":"2024-05-22T15:16:03+00:00","description":"Des travaux de vigne \u00e0 l'\u00e9levage des vins, en passant par la vente : tout est assur\u00e9 par Jean et Florence Carrupt. 17 c\u00e9pages sont cultiv\u00e9s sur 4.5 hectares, r\u00e9partis sur les communes viticoles de Chamoson, Leytron et Saillon. L\u2019identit\u00e9 des vins est fortement marqu\u00e9e par ces diff\u00e9rents terroirs. Les 15'000 bouteilles produites par mill\u00e9sime sont r\u00e9guli\u00e8rement prim\u00e9es dans divers concours nationaux et internationaux.","breadcrumb":{"@id":"https:\/\/petite-cave.ch\/notre-histoire\/#breadcrumb"},"inLanguage":"de-CH","potentialAction":[{"@type":"ReadAction","target":["https:\/\/petite-cave.ch\/notre-histoire\/"]}]},{"@type":"ImageObject","inLanguage":"de-CH","@id":"https:\/\/petite-cave.ch\/notre-histoire\/#primaryimage","url":"https:\/\/petite-cave.ch\/wp-content\/uploads\/2024\/04\/sd.jpg","contentUrl":"https:\/\/petite-cave.ch\/wp-content\/uploads\/2024\/04\/sd.jpg"},{"@type":"BreadcrumbList","@id":"https:\/\/petite-cave.ch\/notre-histoire\/#breadcrumb","itemListElement":[{"@type":"ListItem","position":1,"name":"Accueil","item":"https:\/\/petite-cave.ch\/"},{"@type":"ListItem","position":2,"name":"Notre Histoire"}]},{"@type":"WebSite","@id":"https:\/\/petite-cave.ch\/#website","url":"https:\/\/petite-cave.ch\/","name":"La Petite Cave Chamoson","description":"","publisher":{"@id":"https:\/\/petite-cave.ch\/#organization"},"potentialAction":[{"@type":"SearchAction","target":{"@type":"EntryPoint","urlTemplate":"https:\/\/petite-cave.ch\/?s={search_term_string}"},"query-input":{"@type":"PropertyValueSpecification","valueRequired":true,"valueName":"search_term_string"}}],"inLanguage":"de-CH"},{"@type":"Organization","@id":"https:\/\/petite-cave.ch\/#organization","name":"La Petite Cave Chamoson","url":"https:\/\/petite-cave.ch\/","logo":{"@type":"ImageObject","inLanguage":"de-CH","@id":"https:\/\/petite-cave.ch\/#\/schema\/logo\/image\/","url":"https:\/\/petite-cave.ch\/wp-content\/uploads\/2024\/04\/cropped-favicon-ce37ac74-2.png","contentUrl":"https:\/\/petite-cave.ch\/wp-content\/uploads\/2024\/04\/cropped-favicon-ce37ac74-2.png","width":64,"height":64,"caption":"La Petite Cave Chamoson"},"image":{"@id":"https:\/\/petite-cave.ch\/#\/schema\/logo\/image\/"}}]}},"_links":{"self":[{"href":"https:\/\/petite-cave.ch\/de\/wp-json\/wp\/v2\/pages\/43","targetHints":{"allow":["GET"]}}],"collection":[{"href":"https:\/\/petite-cave.ch\/de\/wp-json\/wp\/v2\/pages"}],"about":[{"href":"https:\/\/petite-cave.ch\/de\/wp-json\/wp\/v2\/types\/page"}],"author":[{"embeddable":true,"href":"https:\/\/petite-cave.ch\/de\/wp-json\/wp\/v2\/users\/2"}],"replies":[{"embeddable":true,"href":"https:\/\/petite-cave.ch\/de\/wp-json\/wp\/v2\/comments?post=43"}],"version-history":[{"count":22,"href":"https:\/\/petite-cave.ch\/de\/wp-json\/wp\/v2\/pages\/43\/revisions"}],"predecessor-version":[{"id":5135,"href":"https:\/\/petite-cave.ch\/de\/wp-json\/wp\/v2\/pages\/43\/revisions\/5135"}],"wp:attachment":[{"href":"https:\/\/petite-cave.ch\/de\/wp-json\/wp\/v2\/media?parent=43"}],"curies":[{"name":"wp","href":"https:\/\/api.w.org\/{rel}","templated":true}]}}